{"id":10009,"date":"2024-01-05T15:16:03","date_gmt":"2024-01-05T14:16:03","guid":{"rendered":"https:\/\/www.leclanche.com\/a-propos-de-nous\/notre-equipe-de-direction\/"},"modified":"2026-04-02T10:20:07","modified_gmt":"2026-04-02T08:20:07","slug":"notre-equipe-de-direction","status":"publish","type":"page","link":"https:\/\/www.leclanche.com\/fr\/a-propos-de-nous\/notre-equipe-de-direction\/","title":{"rendered":"NOTRE \u00c9QUIPE DE DIRECTION"},"content":{"rendered":"<p>Fort de son r\u00f4le en mati\u00e8re de r\u00e9glementation, le conseil d&rsquo;administration est charg\u00e9 de superviser la direction g\u00e9n\u00e9rale de Leclanch\u00e9 et de conseiller le comit\u00e9 de direction, en facilitant et en validant les d\u00e9cisions critiques. Il exerce un contr\u00f4le direct sur certaines fonctions li\u00e9es au personnel et \u00e0 la comptabilit\u00e9 par l&rsquo;interm\u00e9diaire de deux sous-comit\u00e9s\u00a0: le comit\u00e9 Nominations et R\u00e9mun\u00e9ration et le comit\u00e9 Audit et Gestion du risque.<\/p>\n<p>Le comit\u00e9 de direction est responsable de la mise en \u0153uvre de la strat\u00e9gie de Leclanch\u00e9, ainsi que de l&rsquo;ex\u00e9cution et du suivi de l&rsquo;ensemble des activit\u00e9s de la soci\u00e9t\u00e9.<\/p>\n<p>&nbsp;<\/p>\n<h2 id=\"executive-management\">Direction g\u00e9n\u00e9rale<\/h2>\n<h3>Notre \u00e9quipe d&rsquo;excellence cumule de nombreuses ann\u00e9es d&rsquo;exp\u00e9rience et de performances de haut niveau.<\/h3>\n<h3><\/h3>\n<h3><\/h3>\n<p><img loading=\"lazy\" decoding=\"async\" class=\"alignnone wp-image-6952 size-medium\" src=\"https:\/\/www.leclanche.com\/wp-content\/uploads\/2023\/10\/Pierre-Blanc_round-500-300x300.png\" alt=\"\" width=\"296\" height=\"300\" \/><\/p>\n<h3>Pierre Blanc \u2013 CEO de Leclanch\u00e9 SA, directeur technique et industriel de Leclanch\u00e9 e-Mobility SA<\/h3>\n<p>Pierre Blanc a rejoint la soci\u00e9t\u00e9 en 2000. Il a \u00e9t\u00e9 promu CEO de Leclanch\u00e9 SA en novembre 2022. Ses pr\u00e9c\u00e9dentes fonctions au sein de Leclanch\u00e9 comprennent celles de Chief Technology Industrial Officer de Leclanch\u00e9 (2006-2022), de responsable du d\u00e9veloppement des cellules primaires et de chef du d\u00e9partement R&amp;D de Leclanch\u00e9 (2004-2006). De 2000 \u00e0 2004, M. Blanc \u00e9tait ing\u00e9nieur chimiste chez Leclanch\u00e9, o\u00f9 il \u00e9tait responsable du d\u00e9veloppement et de la fabrication de cellules de batteries de grandes marques telles que Varta, Energizer, Panasonic et Enersys. Il est titulaire d&rsquo;un B.A. (Moderatorship) en chimie du Trinity College de Dublin, en Irlande.<\/p>\n<p>&nbsp;<\/p>\n<h3><img loading=\"lazy\" decoding=\"async\" class=\"alignnone wp-image-6954\" src=\"https:\/\/www.leclanche.com\/wp-content\/uploads\/2020\/11\/BROAD_rond-300x300.png\" alt=\"\" width=\"297\" height=\"297\" \/><\/h3>\n<h3>Philip Broad \u2013 CEO de Leclanch\u00e9 e-Mobility SA, directeur des ventes et du d\u00e9veloppement de Leclanch\u00e9 SA<\/h3>\n<p>Philip (Phil) Broad a rejoint Leclanch\u00e9 en 2018 et a \u00e9t\u00e9 nomm\u00e9 CEO de Leclanch\u00e9 e-Mobility SA en octobre 2022. Il a pr\u00e9c\u00e9demment occup\u00e9 les postes de vice-pr\u00e9sident ex\u00e9cutif des solutions e-Transport (2019-2022) et de vice-pr\u00e9sident de la division V\u00e9hicules utilitaires, en charge de l&rsquo;ing\u00e9nierie d&rsquo;application, de la gestion des programmes et des ventes. Fort de plus de vingt ans d&rsquo;exp\u00e9rience dans le secteur des v\u00e9hicules industriels routiers et non routiers, il a fait ses preuves en remportant d&rsquo;importants contrats extr\u00eamement rentables au niveau international sur le march\u00e9 des v\u00e9hicules industriels et a travaill\u00e9 avec succ\u00e8s avec des marques mondiales comme Caterpillar \/ Perkins, Volvo, Scania, MAN et JCB. Philip Broad a travaill\u00e9 en Europe pendant quinze ans pour Honeywell Turbo Technologies Sarl, en Suisse, o\u00f9 il a occup\u00e9 divers postes dans les domaines de la gestion des programmes, de la gestion commerciale et du leadership commercial dans le secteur des turbocompresseurs. Il est titulaire d&rsquo;un Bachelor of Engineering (avec distinction) en ing\u00e9nierie des syst\u00e8mes de l&rsquo;Universit\u00e9 d&rsquo;Huddersfield, au Royaume-Uni.<\/p>\n<p><img loading=\"lazy\" decoding=\"async\" class=\"alignnone size-medium wp-image-15504\" src=\"https:\/\/www.leclanche.com\/wp-content\/uploads\/2026\/04\/JensEmrich_round-300x300.png\" alt=\"\" width=\"300\" height=\"300\" srcset=\"https:\/\/www.leclanche.com\/wp-content\/uploads\/2026\/04\/JensEmrich_round-300x300.png 300w, https:\/\/www.leclanche.com\/wp-content\/uploads\/2026\/04\/JensEmrich_round-150x150.png 150w, https:\/\/www.leclanche.com\/wp-content\/uploads\/2026\/04\/JensEmrich_round-768x768.png 768w, https:\/\/www.leclanche.com\/wp-content\/uploads\/2026\/04\/JensEmrich_round.png 1024w\" sizes=\"auto, (max-width: 300px) 100vw, 300px\" \/><\/p>\n<h3 data-start=\"122\" data-end=\"175\">Jens Emrich \u2013 Directeur financier de Leclanch\u00e9 SA<\/h3>\n<p data-start=\"177\" data-end=\"484\">Jens Emrich a rejoint Leclanch\u00e9 en tant que Directeur financier en mars 2026. Il apporte plus de 25 ans d\u2019exp\u00e9rience internationale en finance et en direction g\u00e9n\u00e9rale dans les secteurs des technologies vertes, des technologies m\u00e9dicales, de l\u2019agroalimentaire, du n\u00e9goce et des biens de consommation (FMCG). Avant de rejoindre Leclanch\u00e9, M. Emrich faisait partie de l\u2019\u00e9quipe de direction EMEA de Li-Cycle, une entreprise de recyclage de batteries cot\u00e9e au NYSE, o\u00f9 il a contribu\u00e9 \u00e0 la mise en place des structures financi\u00e8res europ\u00e9ennes et au d\u00e9veloppement des op\u00e9rations r\u00e9gionales. Auparavant, il a occup\u00e9 des postes de direction financi\u00e8re chez Key Surgical Europe (filiale de STERIS plc), LBNUTS AG et Lorenz Snack-World, o\u00f9 il a men\u00e9 des initiatives de transformation financi\u00e8re, d\u2019int\u00e9gration et d\u2019am\u00e9lioration op\u00e9rationnelle. M. Emrich a d\u00e9but\u00e9 sa carri\u00e8re chez The Gillette Company et Braun AG en Allemagne, o\u00f9 il a occup\u00e9 des fonctions en finance et en contr\u00f4le de gestion, contribuant \u00e0 la gestion d\u2019activit\u00e9s globales et d\u2019op\u00e9rations industrielles. Il est titulaire d\u2019un dipl\u00f4me en administration et gestion des entreprises.<\/p>\n<p>&nbsp;<\/p>\n<h2>Conseil d&rsquo;administration<\/h2>\n<h3><img loading=\"lazy\" decoding=\"async\" class=\"alignnone wp-image-13471 size-medium\" src=\"https:\/\/www.leclanche.com\/wp-content\/uploads\/2024\/01\/L.Bentner_rond-to-use-1-300x300.png\" alt=\"\" width=\"300\" height=\"300\" \/><\/h3>\n<h3>Lex Bentner (Pr\u00e9sident du conseil d&rsquo;administration)<\/h3>\n<p>Lex Bentner, actuellement responsable des transports publics de la ville de Luxembourg, joue un r\u00f4le cl\u00e9 dans la transformation du ce syst\u00e8me. Il se concentre principalement sur la transition strat\u00e9gique des v\u00e9hicules et du r\u00e9seau de bus de la ville vers une configuration enti\u00e8rement \u00e9lectrique. Cette transition est r\u00e9alis\u00e9e par le biais d&rsquo;appels d&rsquo;offres et de processus de passation de march\u00e9s publics \u00e0 l&rsquo;\u00e9chelle de l&rsquo;Union europ\u00e9enne. M. Bentner g\u00e8re des projets complexes, int\u00e9grant les progr\u00e8s de l&rsquo;industrie dans les normes op\u00e9rationnelles. Il dirige actuellement diverses activit\u00e9s de transformation num\u00e9riques et a fait ses preuves dans la mise en \u0153uvre d&rsquo;une s\u00e9rie de projets innovants.<\/p>\n<p>Tout au long de sa carri\u00e8re, il a occup\u00e9 divers postes de direction dans les secteurs priv\u00e9 et public. Il a travaill\u00e9 chez CFL, la soci\u00e9t\u00e9 nationale des chemins de fer luxembourgeois et ArcelorMittal. En 2007, il a \u00e9t\u00e9 nomm\u00e9 responsable de l&rsquo;am\u00e9lioration continue et de l&rsquo;ing\u00e9nierie dans une aci\u00e9rie luxembourgeoise, o\u00f9 il s&rsquo;est concentr\u00e9 sur la modernisation technique et sur l&rsquo;acc\u00e9l\u00e9ration des changements de comportement au sein des \u00e9quipes afin d&rsquo;atteindre les objectifs de l&rsquo;entreprise.<\/p>\n<p>Outre ses fonctions professionnelles, M. Bentner repr\u00e9sente le Luxembourg au sein du comit\u00e9 des bus de l&rsquo;UITP (Union internationale des transports publics) et conseille les dirigeants politiques et les comit\u00e9s nationaux sur les meilleures pratiques en mati\u00e8re de lieu de travail et d&rsquo;industrie.<\/p>\n<p>N\u00e9 au Luxembourg en 1978, Lex Bentner est titulaire d&rsquo;une ma\u00eetrise en g\u00e9nie m\u00e9canique et \u00e9lectrique de l&rsquo;universit\u00e9 d&rsquo;\u00c9dimbourg et poursuit actuellement un MBA \u00e0 l&rsquo;universit\u00e9 Heriot-Watt d&rsquo;\u00c9dimbourg.<\/p>\n<p>&nbsp;<\/p>\n<p><img loading=\"lazy\" decoding=\"async\" class=\"alignnone size-medium wp-image-12180\" src=\"https:\/\/www.leclanche.com\/wp-content\/uploads\/2022\/10\/Marc-Lepiece-round-300x300.png\" alt=\"\" width=\"300\" height=\"300\" srcset=\"https:\/\/www.leclanche.com\/wp-content\/uploads\/2022\/10\/Marc-Lepiece-round-300x300.png 300w, https:\/\/www.leclanche.com\/wp-content\/uploads\/2022\/10\/Marc-Lepiece-round-1024x1024.png 1024w, https:\/\/www.leclanche.com\/wp-content\/uploads\/2022\/10\/Marc-Lepiece-round-150x150.png 150w, https:\/\/www.leclanche.com\/wp-content\/uploads\/2022\/10\/Marc-Lepiece-round-768x768.png 768w, https:\/\/www.leclanche.com\/wp-content\/uploads\/2022\/10\/Marc-Lepiece-round-1536x1536.png 1536w, https:\/\/www.leclanche.com\/wp-content\/uploads\/2022\/10\/Marc-Lepiece-round-2048x2048.png 2048w\" sizes=\"auto, (max-width: 300px) 100vw, 300px\" \/><\/p>\n<h3>Marc Lepi\u00e8ce<\/h3>\n<p>Marc Lepi\u00e8ce, Belge, n\u00e9 en 1956, Marc Lepi\u00e8ce est consultant senior en management, strat\u00e9gie, business development M&amp;M et gestion du changement. Marc Lepi\u00e8ce dirige le cabinet de conseil \u00ab\u00a0Lepi\u00e8ce &amp; Partners\u00a0\u00bb qu&rsquo;il a cr\u00e9\u00e9 dans le but de transf\u00e9rer des connaissances et de l&rsquo;exp\u00e9rience aux PME d\u00e9sireuses d&rsquo;acc\u00e9l\u00e9rer leur croissance ou d&rsquo;optimiser leur rentabilit\u00e9. Auparavant, il a travaill\u00e9 chez Tractebel pendant 36 ans, dont 16 en tant que membre du comit\u00e9 de direction. Il \u00e9tait responsable de la strat\u00e9gie, du marketing et du d\u00e9veloppement international en Am\u00e9rique latine, en Asie et au Moyen-Orient avant de prendre la direction d&rsquo;une Business Unit active en Europe, en Inde et en Asie du Sud-Est. M. Lepi\u00e8ce a rejoint le conseil d&rsquo;administration de Leclanch\u00e9 SA le 30 septembre 2022.<\/p>\n<p>&nbsp;<\/p>\n<p><img loading=\"lazy\" decoding=\"async\" class=\"alignnone size-medium wp-image-12190\" src=\"https:\/\/www.leclanche.com\/wp-content\/uploads\/2022\/11\/Christophe-Manset-276x300.png\" alt=\"\" width=\"276\" height=\"300\" srcset=\"https:\/\/www.leclanche.com\/wp-content\/uploads\/2022\/11\/Christophe-Manset-276x300.png 276w, https:\/\/www.leclanche.com\/wp-content\/uploads\/2022\/11\/Christophe-Manset.png 294w\" sizes=\"auto, (max-width: 276px) 100vw, 276px\" \/><\/p>\n<p><strong>Christophe Manset<\/strong><\/p>\n<p>Christophe Manset, Belge, n\u00e9 en 1985, il a plus de 10 ans d&rsquo;exp\u00e9rience dans le secteur de la gestion d&rsquo;actifs au Luxembourg. Jusqu&rsquo;\u00e0 r\u00e9cemment, il \u00e9tait associ\u00e9 chez LEVeL et se concentrait sur les fonds d&rsquo;investissement alternatifs r\u00e9glement\u00e9s par l&rsquo;autorit\u00e9 de surveillance luxembourgeoise. Il poss\u00e8de une expertise particuli\u00e8re dans les domaines de la conformit\u00e9, de la gestion des risques, de l&rsquo;audit, de la gouvernance d&rsquo;entreprise et de l&rsquo;organisation interne. Il a d\u00e9but\u00e9 sa carri\u00e8re chez EY en 2009 en tant que manager d&rsquo;audit en charge de la pr\u00e9paration et de la conduite de missions d&rsquo;audit avec un accent particulier sur les questions complexes et sp\u00e9cialis\u00e9es. En 2016, M. Manset a rejoint NN Investment Partners Luxembourg S.A. (NN), un gestionnaire de fonds d&rsquo;investissement alternatif supervis\u00e9. Chez NN, il \u00e9tait responsable des projets impactant la gamme de fonds de NN Luxembourg et notamment le lancement de nouveaux v\u00e9hicules d&rsquo;investissement. M. Manset est titulaire d&rsquo;un master en \u00e9conomie de HEC &#8211; Universit\u00e9 de Li\u00e8ge. M. Manset a rejoint le conseil d&rsquo;administration de Leclanch\u00e9 SA le 30 juin 2020.<\/p>\n<p>&nbsp;<\/p>\n<h3><strong>Jean-Michel Pacaud<\/strong><\/h3>\n<p>Apr\u00e8s une carri\u00e8re de 36 ans, dont 20 ans en tant qu\u2019associ\u00e9, Jean-Michel Pacaud a pris sa retraite d\u2019EY Luxembourg en juin 2022. Il a occup\u00e9 plusieurs fonctions de direction chez EY, notamment en tant que Business Development Leader (2011-2020) et pr\u00e9sident du conseil d\u2019administration (2018-2020). Il a \u00e9galement pr\u00e9sid\u00e9 l\u2019Institut des R\u00e9viseurs d\u2019Entreprises (2012-2018). Pacaud est actuellement administrateur ind\u00e9pendant de trois institutions financi\u00e8res bas\u00e9es au Luxembourg et si\u00e8ge au conseil d\u2019administration de plusieurs soci\u00e9t\u00e9s commerciales. Son expertise couvre l\u2019audit, les normes comptables internationales, la gouvernance, la r\u00e9glementation et la conformit\u00e9, l\u2019\u00e9valuation et les transactions de fusions et acquisitions. Il est par ailleurs cofondateur et directeur g\u00e9n\u00e9ral d\u2019une soci\u00e9t\u00e9 familiale d\u2019investissement immobilier (REIT). Dipl\u00f4m\u00e9 de l\u2019ESSEC Business School en France, il est expert-comptable en France et au Luxembourg. Il poss\u00e8de la double nationalit\u00e9 fran\u00e7aise et luxembourgeoise.<\/p>\n<p>&nbsp;<\/p>\n<p>&nbsp;<\/p>\n<h3><strong>Rapha\u00ebl Houillon<\/strong><\/h3>\n<p>Fort de plus de 13 ans d\u2019exp\u00e9rience en capital-investissement, restructuration et investissements transfrontaliers, Rapha\u00ebl Houillon conseille des groupes familiaux et investisseurs institutionnels sur la strat\u00e9gie, la gouvernance et la cr\u00e9ation de valeur \u00e0 long terme. Son expertise couvre plusieurs secteurs, notamment l\u2019immobilier, la banque, les t\u00e9l\u00e9communications, la technologie et l\u2019h\u00f4tellerie. M. Houillon poss\u00e8de une solide exp\u00e9rience en capital-d\u00e9veloppement, situations sp\u00e9ciales et transformation op\u00e9rationnelle. Reconnu pour son pragmatisme et son esprit d\u2019investisseur, il privil\u00e9gie une ex\u00e9cution rigoureuse et une croissance durable dans toutes ses missions.<\/p>\n<p>&nbsp;<\/p>\n","protected":false},"excerpt":{"rendered":"<p>Fort de son r\u00f4le en mati\u00e8re de r\u00e9glementation, le conseil d&rsquo;administration est charg\u00e9 de superviser la direction g\u00e9n\u00e9rale de Leclanch\u00e9 et de conseiller le comit\u00e9 de direction, en facilitant et en validant les d\u00e9cisions critiques. Il exerce un contr\u00f4le direct sur certaines fonctions li\u00e9es au personnel et \u00e0 la comptabilit\u00e9 par l&rsquo;interm\u00e9diaire de deux sous-comit\u00e9s\u00a0: [&hellip;]<\/p>\n","protected":false},"author":1,"featured_media":0,"parent":9981,"menu_order":0,"comment_status":"closed","ping_status":"closed","template":"","meta":{"footnotes":""},"class_list":["post-10009","page","type-page","status-publish","hentry"],"yoast_head":"<!-- This site is optimized with the Yoast SEO plugin v26.4 - https:\/\/yoast.com\/wordpress\/plugins\/seo\/ -->\n<title>NOTRE \u00c9QUIPE DE DIRECTION - Leclanch\u00e9<\/title>\n<meta name=\"description\" content=\"Leclanch\u00e9 est dirig\u00e9 par un conseil d&#039;administration et un comit\u00e9 de direction.\" \/>\n<meta name=\"robots\" content=\"index, follow, max-snippet:-1, max-image-preview:large, max-video-preview:-1\" \/>\n<link rel=\"canonical\" href=\"https:\/\/www.leclanche.com\/fr\/a-propos-de-nous\/notre-equipe-de-direction\/\" \/>\n<meta property=\"og:locale\" content=\"fr_FR\" \/>\n<meta property=\"og:type\" content=\"article\" \/>\n<meta property=\"og:title\" content=\"NOTRE \u00c9QUIPE DE DIRECTION - Leclanch\u00e9\" \/>\n<meta property=\"og:description\" content=\"Leclanch\u00e9 est dirig\u00e9 par un conseil d&#039;administration et un comit\u00e9 de direction.\" \/>\n<meta property=\"og:url\" content=\"https:\/\/www.leclanche.com\/fr\/a-propos-de-nous\/notre-equipe-de-direction\/\" \/>\n<meta property=\"og:site_name\" content=\"Leclanch\u00e9\" \/>\n<meta property=\"article:modified_time\" content=\"2026-04-02T08:20:07+00:00\" \/>\n<meta property=\"og:image\" content=\"https:\/\/www.leclanche.com\/wp-content\/uploads\/2020\/11\/Pierre-Blanc_round500-1.png\" \/>\n\t<meta property=\"og:image:width\" content=\"500\" \/>\n\t<meta property=\"og:image:height\" content=\"500\" \/>\n\t<meta property=\"og:image:type\" content=\"image\/png\" \/>\n<meta name=\"twitter:card\" content=\"summary_large_image\" \/>\n<meta name=\"twitter:label1\" content=\"Dur\u00e9e de lecture estim\u00e9e\" \/>\n\t<meta name=\"twitter:data1\" content=\"8 minutes\" \/>\n<script type=\"application\/ld+json\" class=\"yoast-schema-graph\">{\"@context\":\"https:\/\/schema.org\",\"@graph\":[{\"@type\":\"WebPage\",\"@id\":\"https:\/\/www.leclanche.com\/fr\/a-propos-de-nous\/notre-equipe-de-direction\/\",\"url\":\"https:\/\/www.leclanche.com\/fr\/a-propos-de-nous\/notre-equipe-de-direction\/\",\"name\":\"NOTRE \u00c9QUIPE DE DIRECTION - Leclanch\u00e9\",\"isPartOf\":{\"@id\":\"https:\/\/www.leclanche.com\/fr\/#website\"},\"primaryImageOfPage\":{\"@id\":\"https:\/\/www.leclanche.com\/fr\/a-propos-de-nous\/notre-equipe-de-direction\/#primaryimage\"},\"image\":{\"@id\":\"https:\/\/www.leclanche.com\/fr\/a-propos-de-nous\/notre-equipe-de-direction\/#primaryimage\"},\"thumbnailUrl\":\"https:\/\/www.leclanche.com\/wp-content\/uploads\/2023\/10\/Pierre-Blanc_round-500-300x300.png\",\"datePublished\":\"2024-01-05T14:16:03+00:00\",\"dateModified\":\"2026-04-02T08:20:07+00:00\",\"description\":\"Leclanch\u00e9 est dirig\u00e9 par un conseil d'administration et un comit\u00e9 de direction.\",\"breadcrumb\":{\"@id\":\"https:\/\/www.leclanche.com\/fr\/a-propos-de-nous\/notre-equipe-de-direction\/#breadcrumb\"},\"inLanguage\":\"fr-FR\",\"potentialAction\":[{\"@type\":\"ReadAction\",\"target\":[\"https:\/\/www.leclanche.com\/fr\/a-propos-de-nous\/notre-equipe-de-direction\/\"]}]},{\"@type\":\"ImageObject\",\"inLanguage\":\"fr-FR\",\"@id\":\"https:\/\/www.leclanche.com\/fr\/a-propos-de-nous\/notre-equipe-de-direction\/#primaryimage\",\"url\":\"https:\/\/www.leclanche.com\/wp-content\/uploads\/2023\/10\/Pierre-Blanc_round-500-300x300.png\",\"contentUrl\":\"https:\/\/www.leclanche.com\/wp-content\/uploads\/2023\/10\/Pierre-Blanc_round-500-300x300.png\"},{\"@type\":\"BreadcrumbList\",\"@id\":\"https:\/\/www.leclanche.com\/fr\/a-propos-de-nous\/notre-equipe-de-direction\/#breadcrumb\",\"itemListElement\":[{\"@type\":\"ListItem\",\"position\":1,\"name\":\"Accueil\",\"item\":\"https:\/\/www.leclanche.com\/fr\/\"},{\"@type\":\"ListItem\",\"position\":2,\"name\":\"\u00c0 propos de nous\",\"item\":\"https:\/\/www.leclanche.com\/fr\/a-propos-de-nous\/\"},{\"@type\":\"ListItem\",\"position\":3,\"name\":\"NOTRE \u00c9QUIPE DE DIRECTION\"}]},{\"@type\":\"WebSite\",\"@id\":\"https:\/\/www.leclanche.com\/fr\/#website\",\"url\":\"https:\/\/www.leclanche.com\/fr\/\",\"name\":\"Leclanch\u00e9\",\"description\":\"Energy Storage Solutions\",\"potentialAction\":[{\"@type\":\"SearchAction\",\"target\":{\"@type\":\"EntryPoint\",\"urlTemplate\":\"https:\/\/www.leclanche.com\/fr\/?s={search_term_string}\"},\"query-input\":{\"@type\":\"PropertyValueSpecification\",\"valueRequired\":true,\"valueName\":\"search_term_string\"}}],\"inLanguage\":\"fr-FR\"}]}<\/script>\n<!-- \/ Yoast SEO plugin. -->","yoast_head_json":{"title":"NOTRE \u00c9QUIPE DE DIRECTION - Leclanch\u00e9","description":"Leclanch\u00e9 est dirig\u00e9 par un conseil d'administration et un comit\u00e9 de direction.","robots":{"index":"index","follow":"follow","max-snippet":"max-snippet:-1","max-image-preview":"max-image-preview:large","max-video-preview":"max-video-preview:-1"},"canonical":"https:\/\/www.leclanche.com\/fr\/a-propos-de-nous\/notre-equipe-de-direction\/","og_locale":"fr_FR","og_type":"article","og_title":"NOTRE \u00c9QUIPE DE DIRECTION - Leclanch\u00e9","og_description":"Leclanch\u00e9 est dirig\u00e9 par un conseil d'administration et un comit\u00e9 de direction.","og_url":"https:\/\/www.leclanche.com\/fr\/a-propos-de-nous\/notre-equipe-de-direction\/","og_site_name":"Leclanch\u00e9","article_modified_time":"2026-04-02T08:20:07+00:00","og_image":[{"width":500,"height":500,"url":"https:\/\/www.leclanche.com\/wp-content\/uploads\/2020\/11\/Pierre-Blanc_round500-1.png","type":"image\/png"}],"twitter_card":"summary_large_image","twitter_misc":{"Dur\u00e9e de lecture estim\u00e9e":"8 minutes"},"schema":{"@context":"https:\/\/schema.org","@graph":[{"@type":"WebPage","@id":"https:\/\/www.leclanche.com\/fr\/a-propos-de-nous\/notre-equipe-de-direction\/","url":"https:\/\/www.leclanche.com\/fr\/a-propos-de-nous\/notre-equipe-de-direction\/","name":"NOTRE \u00c9QUIPE DE DIRECTION - Leclanch\u00e9","isPartOf":{"@id":"https:\/\/www.leclanche.com\/fr\/#website"},"primaryImageOfPage":{"@id":"https:\/\/www.leclanche.com\/fr\/a-propos-de-nous\/notre-equipe-de-direction\/#primaryimage"},"image":{"@id":"https:\/\/www.leclanche.com\/fr\/a-propos-de-nous\/notre-equipe-de-direction\/#primaryimage"},"thumbnailUrl":"https:\/\/www.leclanche.com\/wp-content\/uploads\/2023\/10\/Pierre-Blanc_round-500-300x300.png","datePublished":"2024-01-05T14:16:03+00:00","dateModified":"2026-04-02T08:20:07+00:00","description":"Leclanch\u00e9 est dirig\u00e9 par un conseil d'administration et un comit\u00e9 de direction.","breadcrumb":{"@id":"https:\/\/www.leclanche.com\/fr\/a-propos-de-nous\/notre-equipe-de-direction\/#breadcrumb"},"inLanguage":"fr-FR","potentialAction":[{"@type":"ReadAction","target":["https:\/\/www.leclanche.com\/fr\/a-propos-de-nous\/notre-equipe-de-direction\/"]}]},{"@type":"ImageObject","inLanguage":"fr-FR","@id":"https:\/\/www.leclanche.com\/fr\/a-propos-de-nous\/notre-equipe-de-direction\/#primaryimage","url":"https:\/\/www.leclanche.com\/wp-content\/uploads\/2023\/10\/Pierre-Blanc_round-500-300x300.png","contentUrl":"https:\/\/www.leclanche.com\/wp-content\/uploads\/2023\/10\/Pierre-Blanc_round-500-300x300.png"},{"@type":"BreadcrumbList","@id":"https:\/\/www.leclanche.com\/fr\/a-propos-de-nous\/notre-equipe-de-direction\/#breadcrumb","itemListElement":[{"@type":"ListItem","position":1,"name":"Accueil","item":"https:\/\/www.leclanche.com\/fr\/"},{"@type":"ListItem","position":2,"name":"\u00c0 propos de nous","item":"https:\/\/www.leclanche.com\/fr\/a-propos-de-nous\/"},{"@type":"ListItem","position":3,"name":"NOTRE \u00c9QUIPE DE DIRECTION"}]},{"@type":"WebSite","@id":"https:\/\/www.leclanche.com\/fr\/#website","url":"https:\/\/www.leclanche.com\/fr\/","name":"Leclanch\u00e9","description":"Energy Storage Solutions","potentialAction":[{"@type":"SearchAction","target":{"@type":"EntryPoint","urlTemplate":"https:\/\/www.leclanche.com\/fr\/?s={search_term_string}"},"query-input":{"@type":"PropertyValueSpecification","valueRequired":true,"valueName":"search_term_string"}}],"inLanguage":"fr-FR"}]}},"_links":{"self":[{"href":"https:\/\/www.leclanche.com\/fr\/wp-json\/wp\/v2\/pages\/10009","targetHints":{"allow":["GET"]}}],"collection":[{"href":"https:\/\/www.leclanche.com\/fr\/wp-json\/wp\/v2\/pages"}],"about":[{"href":"https:\/\/www.leclanche.com\/fr\/wp-json\/wp\/v2\/types\/page"}],"author":[{"embeddable":true,"href":"https:\/\/www.leclanche.com\/fr\/wp-json\/wp\/v2\/users\/1"}],"replies":[{"embeddable":true,"href":"https:\/\/www.leclanche.com\/fr\/wp-json\/wp\/v2\/comments?post=10009"}],"version-history":[{"count":59,"href":"https:\/\/www.leclanche.com\/fr\/wp-json\/wp\/v2\/pages\/10009\/revisions"}],"predecessor-version":[{"id":15512,"href":"https:\/\/www.leclanche.com\/fr\/wp-json\/wp\/v2\/pages\/10009\/revisions\/15512"}],"up":[{"embeddable":true,"href":"https:\/\/www.leclanche.com\/fr\/wp-json\/wp\/v2\/pages\/9981"}],"wp:attachment":[{"href":"https:\/\/www.leclanche.com\/fr\/wp-json\/wp\/v2\/media?parent=10009"}],"curies":[{"name":"wp","href":"https:\/\/api.w.org\/{rel}","templated":true}]}}